{"id":5756,"date":"2025-09-01T14:15:07","date_gmt":"2025-09-01T12:15:07","guid":{"rendered":"https:\/\/langhuus.ch\/blog\/event\/lets-doc-film-3\/"},"modified":"2025-09-01T14:30:43","modified_gmt":"2025-09-01T12:30:43","slug":"lets-doc-film-3","status":"publish","type":"tribe_events","link":"https:\/\/langhuus.ch\/blog\/event\/lets-doc-film-3\/","title":{"rendered":"LET&#8217;S DOC &#8211; Film &#8222;Wir Erben&#8220;"},"content":{"rendered":"<p><a href=\"https:\/\/letsdoc.ch\/de\/films\/wir-erben\">https:\/\/letsdoc.ch\/de\/films\/wir-erben<\/a><\/p>\n<p>Als Kind habe ich meine Eltern im Fernsehen beobachtet, mich f\u00fcr sie gesch\u00e4mt und sie dennoch bewundert. Sie k\u00e4mpften als Nationalr\u00e4te f\u00fcr eine naturnahe Landwirtschaft und verwirklichten sp\u00e4ter ihre Ideale in einem Hof in S\u00fcdfrankreich.<br \/>\nWeil der abgelegene Hof nicht als Alterswohnsitz taugt, m\u00f6chten sie ihn nun an meinen Bruder und mich vererben. Sollen wir weiterf\u00fchren, was sie begonnen haben, oder sie entt\u00e4uschen?<br \/>\nEs ist nicht das erste Mal, dass wir uns gegen\u00fcber unseren Eltern positionieren m\u00fcssen. W\u00e4hrend mein Bruder als Bauer und Nationalrat ihre politischen K\u00e4mpfe weiterf\u00fchrt, entdeckte ich im Filmemachen die M\u00f6glichkeit auf Distanz zu gehen und ihnen doch nahe zu bleiben.<br \/>\n<em>Grand Prix Semaine de la Critique Locarno 2024, Swiss Film Award Best Documentary Film 2025<\/em><br \/>\n<strong><a href=\"https:\/\/www.filmexplorer.ch\/detail\/wir-erben-simon-baumann-dieter-fahrer\/\">Hier<\/a>\u00a0<\/strong>geht\u2019s zum Interview\/Podcast von Filmexplorer.<\/p>\n<p>CH<br \/>\n2024<br \/>\n98&#8242;<br \/>\nOVde<br \/>\n12\/-<\/p>\n<p>In Zusammenarbeit mit <a href=\"https:\/\/letsdoc.ch\/de\">LET&#8217;S DOC<\/a><\/p>\n","protected":false},"excerpt":{"rendered":"<p>https:\/\/letsdoc.ch\/de\/films\/wir-erben Als Kind habe ich meine Eltern im Fernsehen beobachtet, mich f\u00fcr sie gesch\u00e4mt und sie dennoch bewundert. Sie k\u00e4mpften als Nationalr\u00e4te f\u00fcr eine naturnahe Landwirtschaft und verwirklichten sp\u00e4ter ihre [&hellip;]<\/p>\n","protected":false},"author":1,"featured_media":5754,"comment_status":"open","ping_status":"closed","template":"","meta":{"_et_pb_use_builder":"","_et_pb_old_content":"","_et_gb_content_width":"","_tribe_events_status":"","_tribe_events_status_reason":"","_tribe_events_is_hybrid":"","_tribe_events_is_virtual":"","_tribe_events_virtual_video_source":"","_tribe_events_virtual_embed_video":"","_tribe_events_virtual_linked_button_text":"","_tribe_events_virtual_linked_button":"","_tribe_events_virtual_show_embed_at":"","_tribe_events_virtual_show_embed_to":[],"_tribe_events_virtual_show_on_event":"","_tribe_events_virtual_show_on_views":"","_tribe_events_virtual_url":"","footnotes":""},"tags":[],"tribe_events_cat":[171,200],"class_list":["post-5756","tribe_events","type-tribe_events","status-publish","has-post-thumbnail","hentry","tribe_events_cat-film","tribe_events_cat-kino","cat_film","cat_kino"],"_links":{"self":[{"href":"https:\/\/langhuus.ch\/blog\/wp-json\/wp\/v2\/tribe_events\/5756","targetHints":{"allow":["GET"]}}],"collection":[{"href":"https:\/\/langhuus.ch\/blog\/wp-json\/wp\/v2\/tribe_events"}],"about":[{"href":"https:\/\/langhuus.ch\/blog\/wp-json\/wp\/v2\/types\/tribe_events"}],"author":[{"embeddable":true,"href":"https:\/\/langhuus.ch\/blog\/wp-json\/wp\/v2\/users\/1"}],"replies":[{"embeddable":true,"href":"https:\/\/langhuus.ch\/blog\/wp-json\/wp\/v2\/comments?post=5756"}],"version-history":[{"count":7,"href":"https:\/\/langhuus.ch\/blog\/wp-json\/wp\/v2\/tribe_events\/5756\/revisions"}],"predecessor-version":[{"id":5781,"href":"https:\/\/langhuus.ch\/blog\/wp-json\/wp\/v2\/tribe_events\/5756\/revisions\/5781"}],"wp:featuredmedia":[{"embeddable":true,"href":"https:\/\/langhuus.ch\/blog\/wp-json\/wp\/v2\/media\/5754"}],"wp:attachment":[{"href":"https:\/\/langhuus.ch\/blog\/wp-json\/wp\/v2\/media?parent=5756"}],"wp:term":[{"taxonomy":"post_tag","embeddable":true,"href":"https:\/\/langhuus.ch\/blog\/wp-json\/wp\/v2\/tags?post=5756"},{"taxonomy":"tribe_events_cat","embeddable":true,"href":"https:\/\/langhuus.ch\/blog\/wp-json\/wp\/v2\/tribe_events_cat?post=5756"}],"curies":[{"name":"wp","href":"https:\/\/api.w.org\/{rel}","templated":true}]}}