{"id":5018,"date":"2024-12-12T14:51:29","date_gmt":"2024-12-12T13:51:29","guid":{"rendered":"https:\/\/langhuus.ch\/blog\/?post_type=tribe_events&#038;p=5018"},"modified":"2025-01-08T21:54:31","modified_gmt":"2025-01-08T20:54:31","slug":"kaes-aend","status":"publish","type":"tribe_events","link":"https:\/\/langhuus.ch\/blog\/event\/kaes-aend\/","title":{"rendered":"\u00abk\u00e4s \u00c4nd\u00bb &#8211; Hommage an Max Huwyler"},"content":{"rendered":"<h2>Eine MundArt &amp; WortKlang Collage<\/h2>\n<p class=\"p1\"><span class=\"s1\"><b>Ein gemeinsames<\/b><\/span><b> <\/b><span class=\"s1\"><b>Projekt <\/b><\/span><span class=\"s3\"><b>der<\/b><\/span><b> <\/b><span class=\"s3\"><b>CityKircheZug und <\/b><\/span><span class=\"s5\"><b>der Ch\u00f6re cantori contenti und<\/b><\/span><b> <\/b><span class=\"s5\"><b>XANG<\/b><\/span><\/p>\n<p class=\"p1\"><span class=\"s1\">Im<\/span> <span class=\"s1\">Januar<\/span> <span class=\"s1\">2025<\/span> <span class=\"s1\">w\u00fcrdigt<\/span> <span class=\"s1\">die CityKircheZug<\/span> <span class=\"s1\">gemeinsam<\/span> <span class=\"s1\">mit den <\/span><span class=\"s8\">Ch\u00f6ren cantori contenti<\/span> <span class=\"s8\">und XANG<\/span> <span class=\"s8\">Leben<\/span> <span class=\"s8\">und Werk<\/span> <span class=\"s8\">des <\/span><span class=\"s1\">Zuger<\/span> <span class=\"s1\">Schriftstellers<\/span> <span class=\"s1\">Max<\/span> <span class=\"s1\">Huwyler mit<\/span> <span class=\"s1\">einer Veranstaltungsreihe.<\/span><\/p>\n<p class=\"p1\"><span class=\"s13\">Herzst\u00fcck<\/span> <span class=\"s13\">ist<\/span> <span class=\"s13\"><b>\u00abk\u00e4s<\/b><\/span><b> <\/b><span class=\"s13\"><b>\u00c4nd\u00bb<\/b><\/span><b> <\/b><span class=\"s13\"><b>\u2013<\/b><\/span><b> <\/b><span class=\"s13\"><b>Eine MundArt und<\/b><\/span><b> <\/b><span class=\"s13\"><b>WortKlang Collage <\/b><\/span><span class=\"s8\">mit vielen<\/span> <span class=\"s8\">G\u00e4sten<\/span> <span class=\"s8\">und<\/span> <span class=\"s8\">verschiedenen<\/span> <span class=\"s8\">Auftritten,<\/span> <span class=\"s8\">darunter <\/span><span class=\"s1\">musikalische<\/span> <span class=\"s1\">Einw\u00fcrfe der<\/span> <span class=\"s1\">Ch\u00f6re, die bekannte Werke von <\/span><span class=\"s1\">Mani Planzer<\/span> <span class=\"s1\">sowie<\/span> <span class=\"s1\">eine Auftragskomposition<\/span> <span class=\"s1\">von Cyrill<\/span> <span class=\"s1\">Sch\u00fcrch <\/span><span class=\"s1\">mit<\/span> <span class=\"s1\">Huwyler-Texten<\/span> <span class=\"s1\">pr\u00e4sentieren.<\/span> <span class=\"s1\">Ein<\/span> <span class=\"s1\">Programm<\/span> <span class=\"s1\">voller<\/span> <span class=\"s1\">\u00dcberraschungen!<\/span><\/p>\n<p class=\"p2\"><span class=\"s13\">Vorab gibt<\/span> <span class=\"s13\">es<\/span> <span class=\"s13\">ab 11.<\/span> <span class=\"s13\">Januar<\/span> <span class=\"s13\">an<\/span> <span class=\"s13\">verschiedenen<\/span> <span class=\"s13\"><b>H\u00f6rstationen<\/b> Huwyler <\/span><span class=\"s1\">im Originalton.<\/span> <span class=\"s1\">Ausserdem<\/span> <span class=\"s1\">hat Severin<\/span> <span class=\"s1\">Hofer<\/span> <span class=\"s1\"><b>Tierische<\/b><\/span><b> <\/b><span class=\"s1\"><b>Tisch<\/b><\/span><span class=\"s1\"><b>geschichten<\/b><\/span> <span class=\"s1\">von<\/span> <span class=\"s1\">Max f\u00fcr<\/span> <span class=\"s1\">Kinder<\/span> <span class=\"s1\">ab 5<\/span> <span class=\"s1\">neu arrangiert<\/span> <span class=\"s1\">und setzt<\/span> <span class=\"s1\">sie <\/span><span class=\"s31\">in Szene.<\/span> <span class=\"s31\">Details<\/span> <span class=\"s31\">unter<\/span> <span class=\"s31\">www.maxhuwyler.ch.<\/span><\/p>\n<p class=\"p1\"><span class=\"s1\"><b><i>Mitwirkende<\/i><\/b><\/span><\/p>\n<p class=\"p1\"><span class=\"s1\"><b>Ch\u00f6re cantori contenti und<\/b><\/span><b> <\/b><span class=\"s1\"><b>XANG, <\/b>Dirigent:<\/span> <span class=\"s1\"><b>Davide<\/b><\/span><b> <\/b><span class=\"s1\"><b>Fior<br \/>\n<\/b><\/span><span class=\"s1\"><b>Weibello, <\/b>Rapper <b>Katharina<\/b><\/span><b> <\/b><span class=\"s1\"><b>Schwarze,<\/b><\/span> <span class=\"s1\">Cellistin<br \/>\n<\/span><span class=\"s1\"><b>Osy<\/b><\/span><b> <\/b><span class=\"s1\"><b>Zimmermann,<\/b><\/span><b> <\/b><span class=\"s1\">Cabrietist <b>Severin<\/b><\/span><b> <\/b><span class=\"s1\"><b>Hofer,<\/b><\/span><b> <\/b><span class=\"s1\">Erz\u00e4hler<\/span><\/p>\n<p class=\"p1\"><span class=\"s10\">Moderator:<\/span><b> <\/b><span class=\"s10\"><b>Beat<\/b><\/span><b> <\/b><span class=\"s10\"><b>Holdener<\/b><\/span><\/p>\n<p class=\"p1\"><span class=\"s10\"><b>Eintritt frei,<\/b><\/span><b> <\/b><span class=\"s10\"><b>Kollekte<\/b><\/span><\/p>\n<p class=\"p1\"><span class=\"s1\">Dank<\/span> <span class=\"s1\">Unterst\u00fctzung<\/span> <span class=\"s1\">von:<\/span><\/p>\n<p><img loading=\"lazy\" decoding=\"async\" class=\"alignnone wp-image-5019\" src=\"https:\/\/langhuus.ch\/blog\/wp-content\/uploads\/2024\/12\/54173_GZD_max_huwyler_support.png\" alt=\"\" width=\"790\" height=\"171\" \/><\/p>\n<p class=\"p1\"><span class=\"s1\">Alice<\/span> <span class=\"s1\">&amp; Walter<\/span> <span class=\"s1\">Bossard Stiftung,<\/span> <span class=\"s1\">B\u00fcrgergemeinde Cham, Dosenbach-Waser-Stiftung<br \/>\n<\/span><span class=\"s1\">Einwohnergemeinde Cham, Gemeinn\u00fctzige<\/span> <span class=\"s1\">Gesellschaft<\/span> <span class=\"s1\">Zug,<\/span> <span class=\"s1\">Heinrich und<\/span> <span class=\"s1\">Julie<\/span> <span class=\"s1\">Sandmeier-Streiff-Stiftung<br \/>\n<\/span><span class=\"s9\">Korporation<\/span> <span class=\"s9\">Zug, Stiftung ESAF<\/span><\/p>\n","protected":false},"excerpt":{"rendered":"<p>Eine MundArt &amp; WortKlang Collage Ein gemeinsames Projekt der CityKircheZug und der Ch\u00f6re cantori contenti und XANG Im Januar 2025 w\u00fcrdigt die CityKircheZug gemeinsam mit den Ch\u00f6ren cantori contenti und [&hellip;]<\/p>\n","protected":false},"author":1,"featured_media":5020,"comment_status":"open","ping_status":"closed","template":"","meta":{"_et_pb_use_builder":"","_et_pb_old_content":"","_et_gb_content_width":"","_tribe_events_status":"","_tribe_events_status_reason":"","_tribe_events_is_hybrid":"","_tribe_events_is_virtual":"","_tribe_events_virtual_video_source":"","_tribe_events_virtual_embed_video":"","_tribe_events_virtual_linked_button_text":"","_tribe_events_virtual_linked_button":"","_tribe_events_virtual_show_embed_at":"","_tribe_events_virtual_show_embed_to":[],"_tribe_events_virtual_show_on_event":"","_tribe_events_virtual_show_on_views":"","_tribe_events_virtual_url":"","footnotes":""},"tags":[],"tribe_events_cat":[62,173,43],"class_list":["post-5018","tribe_events","type-tribe_events","status-publish","has-post-thumbnail","hentry","tribe_events_cat-barbetrieb","tribe_events_cat-gesang","tribe_events_cat-konzert-live-musik","cat_barbetrieb","cat_gesang","cat_konzert-live-musik"],"_links":{"self":[{"href":"https:\/\/langhuus.ch\/blog\/wp-json\/wp\/v2\/tribe_events\/5018","targetHints":{"allow":["GET"]}}],"collection":[{"href":"https:\/\/langhuus.ch\/blog\/wp-json\/wp\/v2\/tribe_events"}],"about":[{"href":"https:\/\/langhuus.ch\/blog\/wp-json\/wp\/v2\/types\/tribe_events"}],"author":[{"embeddable":true,"href":"https:\/\/langhuus.ch\/blog\/wp-json\/wp\/v2\/users\/1"}],"replies":[{"embeddable":true,"href":"https:\/\/langhuus.ch\/blog\/wp-json\/wp\/v2\/comments?post=5018"}],"version-history":[{"count":4,"href":"https:\/\/langhuus.ch\/blog\/wp-json\/wp\/v2\/tribe_events\/5018\/revisions"}],"predecessor-version":[{"id":5025,"href":"https:\/\/langhuus.ch\/blog\/wp-json\/wp\/v2\/tribe_events\/5018\/revisions\/5025"}],"wp:featuredmedia":[{"embeddable":true,"href":"https:\/\/langhuus.ch\/blog\/wp-json\/wp\/v2\/media\/5020"}],"wp:attachment":[{"href":"https:\/\/langhuus.ch\/blog\/wp-json\/wp\/v2\/media?parent=5018"}],"wp:term":[{"taxonomy":"post_tag","embeddable":true,"href":"https:\/\/langhuus.ch\/blog\/wp-json\/wp\/v2\/tags?post=5018"},{"taxonomy":"tribe_events_cat","embeddable":true,"href":"https:\/\/langhuus.ch\/blog\/wp-json\/wp\/v2\/tribe_events_cat?post=5018"}],"curies":[{"name":"wp","href":"https:\/\/api.w.org\/{rel}","templated":true}]}}