{"id":3210,"date":"2023-03-09T22:25:34","date_gmt":"2023-03-09T21:25:34","guid":{"rendered":"https:\/\/langhuus.ch\/blog\/?post_type=tribe_events&#038;p=3210"},"modified":"2023-03-09T22:28:55","modified_gmt":"2023-03-09T21:28:55","slug":"vonhiernachdort-maerchen-erzaehlt-fuer-erwachsene","status":"publish","type":"tribe_events","link":"https:\/\/langhuus.ch\/blog\/event\/vonhiernachdort-maerchen-erzaehlt-fuer-erwachsene\/","title":{"rendered":"VONHIERNACHDORT &#8211; M\u00e4rchen erz\u00e4hlt f\u00fcr Erwachsene"},"content":{"rendered":"<p><strong>Volksm\u00e4rchen,- erz\u00e4hlt f\u00fcr Erwachsene, &#8211; frei, in Mundart <\/strong><strong>und \u00abvonhiernachdort\u00bb begleitet von s\u00fcdamerikanischen <\/strong><strong>Harfenkl\u00e4ngen.<\/strong><\/p>\n<p><strong>Ursula Kaufmann<\/strong>, Erz\u00e4hlerin<br \/>\n<a href=\"https:\/\/www.maerchenvonhiernachdort.ch\">www.maerchenvonhiernachdort.ch<\/a> \/ <a href=\"https:\/\/www.abendspinnereien.ch\">www.abendspinnereien.ch<\/a><\/p>\n<p><strong>Violeta Ramos<\/strong>, S\u00fcdamerikanische Harfe<br \/>\n<a href=\"https:\/\/www.violetaramos.ch\/\">www.violetaramos.ch<\/a><\/p>\n<p><strong>M\u00e4rchen f\u00fcr Erwachsene?<\/strong><\/p>\n<p>Sind M\u00e4rchen nicht eher \u00abKinderunterhaltung\u00bb? Die Aussage des argentinischen Autors, Psychiaters und Gestalttherapeuten Jorge Bucay (*1949) bringt die Antwort in einem einzigen Satz auf den Punkt:<br \/>\n\u00abKindern erz\u00e4hlt man M\u00e4rchen zum Einschlafen,- Erwachsenen, damit sie aufwachen.\u00bb<br \/>\nWer M\u00e4rchen mit offenem Herzen h\u00f6rt, weiss, was Bucay meint\u2026.<\/p>\n<p>Mit der Zertifikatsausbildung \u00abM\u00e4rchen erz\u00e4hlen\u00bb hat Ursula Kaufmann an der Schule f\u00fcr M\u00e4rchen und Erz\u00e4hlkultur \u00abMutabor\u00bb (<a href=\"https:\/\/www.maerchenseminare.ch\">www.maerchenseminare.ch<\/a>) von Mai 2017 bis Februar 2019 das Handwerk des freien Erz\u00e4hlens erlernt und sich von Dezember 2018 bis Juni 2020 mit der weiterf\u00fchrenden Zertifikationsausbildung \u00abSymbolarbeit mit M\u00e4rchen\u00bb weitergebildet. Seither ist sie nebenberuflich mit grosser Leidenschaft als Erz\u00e4hlerin auf dem M\u00e4rchenweg und freut sich immer wieder \u00fcber viele neugierige neue,- und auf m\u00e4rchenhungrige, schon bereits begeisterte Ohren und Herzen!<\/p>\n<p>Violeta Ramos ist professionelle Harfenistin (S\u00fcdamerikanische Harfe) und klassische Gitarristin.<br \/>\nSie ist Musiklehrerin an verschiedenen Musikschulen in der Schweiz und spielt an internationalen Konzerten im In- und<br \/>\nAusland. Mit ihren bezaubernden Kl\u00e4ngen wird sie uns \u00abvonhiernachdort\u00bb, von M\u00e4rchen zu M\u00e4rchen, f\u00fchren.<\/p>\n<p><strong>Herzlich willkommen zum ersten M\u00e4rchenabend f\u00fcr Erwachsene in der Kulturfabrik Langhuus in Cham!<\/strong><\/p>\n<p>Empfohlene Kollekte: 25.- Fr.<\/p>\n","protected":false},"excerpt":{"rendered":"<p>Volksm\u00e4rchen,- erz\u00e4hlt f\u00fcr Erwachsene, &#8211; frei, in Mundart und \u00abvonhiernachdort\u00bb begleitet von s\u00fcdamerikanischen Harfenkl\u00e4ngen. Ursula Kaufmann, Erz\u00e4hlerin www.maerchenvonhiernachdort.ch \/ www.abendspinnereien.ch Violeta Ramos, S\u00fcdamerikanische Harfe www.violetaramos.ch M\u00e4rchen f\u00fcr Erwachsene? Sind M\u00e4rchen [&hellip;]<\/p>\n","protected":false},"author":1,"featured_media":3212,"comment_status":"open","ping_status":"closed","template":"","meta":{"_et_pb_use_builder":"","_et_pb_old_content":"","_et_gb_content_width":"","_tribe_events_status":"","_tribe_events_status_reason":"","_tribe_events_is_hybrid":"","_tribe_events_is_virtual":"","_tribe_events_virtual_video_source":"","_tribe_events_virtual_embed_video":"","_tribe_events_virtual_linked_button_text":"","_tribe_events_virtual_linked_button":"","_tribe_events_virtual_show_embed_at":"","_tribe_events_virtual_show_embed_to":[],"_tribe_events_virtual_show_on_event":"","_tribe_events_virtual_show_on_views":"","_tribe_events_virtual_url":"","footnotes":""},"tags":[],"tribe_events_cat":[43,64,58],"class_list":["post-3210","tribe_events","type-tribe_events","status-publish","has-post-thumbnail","hentry","tribe_events_cat-konzert-live-musik","tribe_events_cat-kunst","tribe_events_cat-lesungen","cat_konzert-live-musik","cat_kunst","cat_lesungen"],"_links":{"self":[{"href":"https:\/\/langhuus.ch\/blog\/wp-json\/wp\/v2\/tribe_events\/3210","targetHints":{"allow":["GET"]}}],"collection":[{"href":"https:\/\/langhuus.ch\/blog\/wp-json\/wp\/v2\/tribe_events"}],"about":[{"href":"https:\/\/langhuus.ch\/blog\/wp-json\/wp\/v2\/types\/tribe_events"}],"author":[{"embeddable":true,"href":"https:\/\/langhuus.ch\/blog\/wp-json\/wp\/v2\/users\/1"}],"replies":[{"embeddable":true,"href":"https:\/\/langhuus.ch\/blog\/wp-json\/wp\/v2\/comments?post=3210"}],"version-history":[{"count":2,"href":"https:\/\/langhuus.ch\/blog\/wp-json\/wp\/v2\/tribe_events\/3210\/revisions"}],"predecessor-version":[{"id":3213,"href":"https:\/\/langhuus.ch\/blog\/wp-json\/wp\/v2\/tribe_events\/3210\/revisions\/3213"}],"wp:featuredmedia":[{"embeddable":true,"href":"https:\/\/langhuus.ch\/blog\/wp-json\/wp\/v2\/media\/3212"}],"wp:attachment":[{"href":"https:\/\/langhuus.ch\/blog\/wp-json\/wp\/v2\/media?parent=3210"}],"wp:term":[{"taxonomy":"post_tag","embeddable":true,"href":"https:\/\/langhuus.ch\/blog\/wp-json\/wp\/v2\/tags?post=3210"},{"taxonomy":"tribe_events_cat","embeddable":true,"href":"https:\/\/langhuus.ch\/blog\/wp-json\/wp\/v2\/tribe_events_cat?post=3210"}],"curies":[{"name":"wp","href":"https:\/\/api.w.org\/{rel}","templated":true}]}}