{"id":2989,"date":"2023-01-11T16:40:28","date_gmt":"2023-01-11T15:40:28","guid":{"rendered":"https:\/\/langhuus.ch\/blog\/?post_type=tribe_events&#038;p=2989"},"modified":"2023-01-11T16:43:11","modified_gmt":"2023-01-11T15:43:11","slug":"buchtaufe-chamer-theater","status":"publish","type":"tribe_events","link":"https:\/\/langhuus.ch\/blog\/event\/buchtaufe-chamer-theater\/","title":{"rendered":"Buchtaufe Chamer Theater"},"content":{"rendered":"<p class=\"p1\"><b>Geschichte der Theatergesellschaft Cham (1878-1981)<br \/>\nund der Volksb\u00fchne Cham (seit 1981)<\/b><span class=\"s2\"><b><br \/>\n<\/b><\/span><span class=\"s1\"><br \/>\nRichard T. Meier<br \/>\nMitarbeit f\u00fcr die Volksb\u00fchne Cham: Karl K\u00f6pfli<\/span><\/p>\n<p class=\"p3\">Ein Abend mit Geschichte und Geschichten zu den Theateraktivit\u00e4ten in Cham. Die beiden wichtigsten Organisationen waren fr\u00fcher die Theatergesellschaft Cham und sp\u00e4ter die Volksb\u00fchne Cham. Die Geschichte der Theatergesellschaft war eng verkn\u00fcpft mit der Liegenschaft Neudorf mit Restaurant, Theater und Kino. Das Buch, das sowohl in physischer wie auch in elektronischer Form verf\u00fcgbar ist, wird vom Autor vorgestellt. \u2013 Organisator: Chamapedia<\/p>\n<p class=\"p3\"><b>Programmablauf:<br \/>\n&#8211;<span class=\"Apple-converted-space\">\u00a0 <\/span><\/b>Bruno Werder, Pr\u00e4sident Chamapedia: Begr\u00fcssung und Einleitung <b><br \/>\n&#8211;<span class=\"Apple-converted-space\">\u00a0 <\/span><\/b>Autor: Die Geschichte der Theatergesellschaft Cham<b> und <\/b>der Volksb\u00fchne Cham <b><br \/>\n&#8211;<span class=\"Apple-converted-space\">\u00a0 <\/span><\/b>Buchtaufe<b><br \/>\n&#8211;<span class=\"Apple-converted-space\">\u00a0 <\/span><\/b>Apero riche<b><br \/>\n&#8211;<span class=\"Apple-converted-space\">\u00a0 <\/span><\/b>Schlusswort Chamapedia<br \/>\n&#8211;<span class=\"Apple-converted-space\">\u00a0 <\/span>Zwischenaktmusik durch das Cello-Ensemble \u00abDas S\u00e4gewerk\u00bb<\/p>\n","protected":false},"excerpt":{"rendered":"<p>Geschichte der Theatergesellschaft Cham (1878-1981) und der Volksb\u00fchne Cham (seit 1981) Richard T. Meier Mitarbeit f\u00fcr die Volksb\u00fchne Cham: Karl K\u00f6pfli Ein Abend mit Geschichte und Geschichten zu den Theateraktivit\u00e4ten [&hellip;]<\/p>\n","protected":false},"author":1,"featured_media":2990,"comment_status":"open","ping_status":"closed","template":"","meta":{"_et_pb_use_builder":"","_et_pb_old_content":"","_et_gb_content_width":"","_tribe_events_status":"","_tribe_events_status_reason":"","_tribe_events_is_hybrid":"","_tribe_events_is_virtual":"","_tribe_events_virtual_video_source":"","_tribe_events_virtual_embed_video":"","_tribe_events_virtual_linked_button_text":"","_tribe_events_virtual_linked_button":"","_tribe_events_virtual_show_embed_at":"","_tribe_events_virtual_show_embed_to":[],"_tribe_events_virtual_show_on_event":"","_tribe_events_virtual_show_on_views":"","_tribe_events_virtual_url":"","footnotes":""},"tags":[],"tribe_events_cat":[],"class_list":["post-2989","tribe_events","type-tribe_events","status-publish","has-post-thumbnail","hentry"],"_links":{"self":[{"href":"https:\/\/langhuus.ch\/blog\/wp-json\/wp\/v2\/tribe_events\/2989","targetHints":{"allow":["GET"]}}],"collection":[{"href":"https:\/\/langhuus.ch\/blog\/wp-json\/wp\/v2\/tribe_events"}],"about":[{"href":"https:\/\/langhuus.ch\/blog\/wp-json\/wp\/v2\/types\/tribe_events"}],"author":[{"embeddable":true,"href":"https:\/\/langhuus.ch\/blog\/wp-json\/wp\/v2\/users\/1"}],"replies":[{"embeddable":true,"href":"https:\/\/langhuus.ch\/blog\/wp-json\/wp\/v2\/comments?post=2989"}],"version-history":[{"count":1,"href":"https:\/\/langhuus.ch\/blog\/wp-json\/wp\/v2\/tribe_events\/2989\/revisions"}],"predecessor-version":[{"id":2991,"href":"https:\/\/langhuus.ch\/blog\/wp-json\/wp\/v2\/tribe_events\/2989\/revisions\/2991"}],"wp:featuredmedia":[{"embeddable":true,"href":"https:\/\/langhuus.ch\/blog\/wp-json\/wp\/v2\/media\/2990"}],"wp:attachment":[{"href":"https:\/\/langhuus.ch\/blog\/wp-json\/wp\/v2\/media?parent=2989"}],"wp:term":[{"taxonomy":"post_tag","embeddable":true,"href":"https:\/\/langhuus.ch\/blog\/wp-json\/wp\/v2\/tags?post=2989"},{"taxonomy":"tribe_events_cat","embeddable":true,"href":"https:\/\/langhuus.ch\/blog\/wp-json\/wp\/v2\/tribe_events_cat?post=2989"}],"curies":[{"name":"wp","href":"https:\/\/api.w.org\/{rel}","templated":true}]}}